{"id":3450,"date":"2026-09-03T11:43:01","date_gmt":"2026-09-03T08:43:01","guid":{"rendered":"https:\/\/lummetiedotus.fi\/?post_type=tribe_events&#038;p=3450"},"modified":"2026-09-03T12:00:30","modified_gmt":"2026-09-03T09:00:30","slug":"maakunnan-aani-esiin-kirjallisuustapahtuma","status":"publish","type":"tribe_events","link":"https:\/\/lummetiedotus.fi\/?tribe_events=maakunnan-aani-esiin-kirjallisuustapahtuma","title":{"rendered":"Maakunnan \u00e4\u00e4ni esiin -kirjallisuustapahtuma"},"content":{"rendered":"<p><img loading=\"lazy\" decoding=\"async\" class=\"size-medium wp-image-3453 alignnone\" src=\"https:\/\/lummetiedotus.fi\/wp-content\/uploads\/2026\/09\/Tapahtuma-1-300x300.png\" alt=\"\" width=\"300\" height=\"300\" srcset=\"https:\/\/lummetiedotus.fi\/wp-content\/uploads\/2026\/09\/Tapahtuma-1-300x300.png 300w, https:\/\/lummetiedotus.fi\/wp-content\/uploads\/2026\/09\/Tapahtuma-1-150x150.png 150w, https:\/\/lummetiedotus.fi\/wp-content\/uploads\/2026\/09\/Tapahtuma-1-768x768.png 768w, https:\/\/lummetiedotus.fi\/wp-content\/uploads\/2026\/09\/Tapahtuma-1.png 1000w\" sizes=\"auto, (max-width: 300px) 100vw, 300px\" \/><\/p>\n<p class=\"xmsonormal\">Mikkelin seutukirjaston Mikkeli-salissa j\u00e4rjestet\u00e4\u00e4n torstaina 17.9. klo 12.30\u201318.15 kaikille avoin ja maksuton kirjallisuustapahtuma \u201dMaakunnan \u00e4\u00e4ni esiin\u201d.<\/p>\n<p class=\"xmsonormal\">\u00a0Tapahtuman tavoitteena on tuoda esiin paikallista kirjallisuutta, kulttuuria ja kirjoittajakulttuuria monipuolisen ohjelman kautta. P\u00e4iv\u00e4n aikana kuullaan paneelikeskusteluja, musiikkiesityksi\u00e4, kirjailijahaastatteluja sek\u00e4 osallistutaan ty\u00f6pajoihin.<\/p>\n<p class=\"xmsonormal\">Tilaisuutta ovat toteuttamassa yhteisty\u00f6ss\u00e4 Mikkelin seutukirjasto, Mikkelin Kirjoittajat sek\u00e4 Suomen Tietokirjailijat ry, ja tapahtuman rahoittamiseen on saatu avustusta Mikkelin kaupungin testamenttivaroista. Tilaisuuden juontajana toimii Eeva Ojalehto.<\/p>\n<p class=\"xmsonormal\">Iltap\u00e4iv\u00e4 k\u00e4ynnistyy kello 12.30 tilaisuuden avauksella, jota seuraa kello 12.45 alkava \u201dEl\u00e4m\u00e4ni kirja\u201d -paneelikeskustelu. Keskustelemassa ovat Kaija Ahonen (Mikkelin Torikauppiasyhdistys), Jyrki Koivikko (Mikkelin tuomiokirkkoseurakunta), Timo Laitakari (L\u00e4nsi-Savo), Olivia Salminen (Mikkelin kaupungin nuorisovaltuusto), Tarja Tuovinen (Akseli-kirjoittajayhdistys) sek\u00e4 Tiina Toivakka (Toivakka Oy).<\/p>\n<p class=\"xmsonormal\">\u00a0Iltap\u00e4iv\u00e4n mittaan ohjelmassa on tarjolla my\u00f6s vaihtoehtoisia ohjelmanumeroita, lukudiplomin esittely, kirjailija Panu Rajalan haastattelu sek\u00e4 omael\u00e4m\u00e4kerrallinen kirjoituspaja.<\/p>\n<h4 class=\"xmsonormal\">Ohjelma:<\/h4>\n<p class=\"xmsonormal\">12.30\u201312.45 Tilaisuuden avaus<\/p>\n<p class=\"xmsonormal\">12.45\u201313.45 El\u00e4m\u00e4ni kirja -paneelikeskustelu:<\/p>\n<ul>\n<li class=\"xmsonormal\">Kaija Ahonen, Mikkelin Torikauppiasyhdistys<\/li>\n<li class=\"xmsonormal\">Jyrki Koivikko, Mikkelin tuomiokirkkoseurakunta<\/li>\n<li class=\"xmsonormal\">Timo Laitakari, L\u00e4nsi-Savo<\/li>\n<li class=\"xmsonormal\">Olivia Salminen, Mikkelin kaupungin nuorisovaltuusto<\/li>\n<li class=\"xmsonormal\">Tarja Tuovinen, Akseli-kirjoittajayhdistys<\/li>\n<li class=\"xmsonormal\">Tiina Toivakka, Toivakka Oy<\/li>\n<\/ul>\n<p class=\"xmsonormal\">13.45\u201314.00 Tauko<\/p>\n<p class=\"xmsonormal\">Vaihtoehtoiset ohjelmat:<\/p>\n<ol>\n<li class=\"xmsonormal\">R\u00e4pp\u00e4ri Chokko: Musiikkiesitys ja r\u00e4ppipaja<\/li>\n<li class=\"xmsonormal\">Maakunnallisen kirjallisuuden n\u00e4yttely<\/li>\n<li class=\"xmsonormal\">Maakunnan kirjoittajayhdistysten j\u00e4senten kirjaesittelyt<\/li>\n<\/ol>\n<p class=\"xmsonormal\">15.00\u201315.30 Tauko ja tarjoilu<\/p>\n<p class=\"xmsonormal\">15.30\u201315.45 Lukudiplomin esittely:\u00a0Nina Valtavirta<\/p>\n<p class=\"xmsonormal\">15.45\u201317.00 Panu Rajala:<\/p>\n<ul>\n<li class=\"xmsonormal\">Haastattelu, haastattelija Teuvo V. Riikonen<\/li>\n<li class=\"xmsonormal\">Yleis\u00f6kysymykset<\/li>\n<\/ul>\n<p class=\"xmsonormal\">17.00\u201318.00 Omael\u00e4m\u00e4kerrallinen kirjoituspaja<\/p>\n<ul>\n<li class=\"xmsonormal\">Ohjattu kirjoituspaja, vet\u00e4j\u00e4n\u00e4 Panu Rajala<\/li>\n<\/ul>\n<p class=\"xmsonormal\">18.00\u201318.15 Kirjoittajayhdistysten j\u00e4seninfo ja tilaisuuden p\u00e4\u00e4t\u00f6s<\/p>\n<p>&nbsp;<\/p>\n<p class=\"xmsonormal\">\u00a0Tervetuloa!<\/p>\n","protected":false},"excerpt":{"rendered":"<p>Mikkelin seutukirjaston Mikkeli-salissa j\u00e4rjestet\u00e4\u00e4n torstaina 17.9. klo 12.30\u201318.15 kaikille avoin ja maksuton kirjallisuustapahtuma \u201dMaakunnan \u00e4\u00e4ni esiin\u201d. \u00a0Tapahtuman tavoitteena on tuoda esiin paikallista kirjallisuutta, kulttuuria ja kirjoittajakulttuuria monipuolisen ohjelman kautta. P\u00e4iv\u00e4n&hellip; <a class=\"more-link\" href=\"https:\/\/lummetiedotus.fi\/?tribe_events=maakunnan-aani-esiin-kirjallisuustapahtuma\">Jatka lukemista <span class=\"screen-reader-text\">Maakunnan \u00e4\u00e4ni esiin -kirjallisuustapahtuma<\/span><\/a><\/p>\n","protected":false},"author":28,"featured_media":0,"template":"","meta":{"_tribe_events_status":"","_tribe_events_status_reason":"","footnotes":""},"tags":[215],"tribe_events_cat":[24,106,3,25,46,74,34],"class_list":["post-3450","tribe_events","type-tribe_events","status-publish","hentry","tag-mikkelin-kirjoittajat","tribe_events_cat-events","tribe_events_cat-kirjailijavierailu","tribe_events_cat-kirjallisuus","tribe_events_cat-kirjallisuus_tapahtumat","tribe_events_cat-mikkelin_paakirjasto","tribe_events_cat-mikkelin_seutukirjasto","tribe_events_cat-rss","cat_events","cat_kirjailijavierailu","cat_kirjallisuus","cat_kirjallisuus_tapahtumat","cat_mikkelin_paakirjasto","cat_mikkelin_seutukirjasto","cat_rss","entry"],"_links":{"self":[{"href":"https:\/\/lummetiedotus.fi\/index.php?rest_route=\/wp\/v2\/tribe_events\/3450","targetHints":{"allow":["GET"]}}],"collection":[{"href":"https:\/\/lummetiedotus.fi\/index.php?rest_route=\/wp\/v2\/tribe_events"}],"about":[{"href":"https:\/\/lummetiedotus.fi\/index.php?rest_route=\/wp\/v2\/types\/tribe_events"}],"author":[{"embeddable":true,"href":"https:\/\/lummetiedotus.fi\/index.php?rest_route=\/wp\/v2\/users\/28"}],"version-history":[{"count":5,"href":"https:\/\/lummetiedotus.fi\/index.php?rest_route=\/wp\/v2\/tribe_events\/3450\/revisions"}],"predecessor-version":[{"id":3456,"href":"https:\/\/lummetiedotus.fi\/index.php?rest_route=\/wp\/v2\/tribe_events\/3450\/revisions\/3456"}],"wp:attachment":[{"href":"https:\/\/lummetiedotus.fi\/index.php?rest_route=%2Fwp%2Fv2%2Fmedia&parent=3450"}],"wp:term":[{"taxonomy":"post_tag","embeddable":true,"href":"https:\/\/lummetiedotus.fi\/index.php?rest_route=%2Fwp%2Fv2%2Ftags&post=3450"},{"taxonomy":"tribe_events_cat","embeddable":true,"href":"https:\/\/lummetiedotus.fi\/index.php?rest_route=%2Fwp%2Fv2%2Ftribe_events_cat&post=3450"}],"curies":[{"name":"wp","href":"https:\/\/api.w.org\/{rel}","templated":true}]}}